{"id":20,"date":"2011-07-03T14:55:44","date_gmt":"2011-07-03T14:55:44","guid":{"rendered":"http:\/\/109.74.197.37\/evgenija\/?page_id=20"},"modified":"2023-01-24T19:34:31","modified_gmt":"2023-01-24T19:34:31","slug":"cv","status":"publish","type":"page","link":"https:\/\/www.evgenija.net\/en\/cv\/","title":{"rendered":"CV"},"content":{"rendered":"<h2><span style=\"color: #99cc00;\">CURRICULUM VITAE\u00a0 Evgenija Jarc<\/span><\/h2>\n<p>born in Ljubljana, 1977<\/p>\n<p><strong>1996<\/strong> University for textile and Fashion Design in Ljubljana<br \/>\n<strong>2004<\/strong> graduated on Academy of Fine Arts and Design of Ljubljana, painting<br \/>\n<strong>2008<\/strong>\u00a0 master degree on Academy of Fine arts and design of Ljubljana, painting<br \/>\n<strong>2011<\/strong> residence in Paris, Cite international des Arts<br \/>\n<strong>2015<\/strong> residence in Paris, Cite international des Arts<\/p>\n<h2><span style=\"color: #99cc00;\">Grants, awards<\/span><\/h2>\n<p><strong>2002<\/strong> -1. Price at XIII. Ex-tempore for graduates of Academy of Fine Arts and Design (ALUO),\u00a0\u00a0\u00a0\u00a0 Velenje<br \/>\nGrant of city of Ljubljana (MOL) for gifted students<br \/>\n<strong>2015<\/strong> scholarship for illustrations, JAK Slovenia<\/p>\n<h2><span style=\"color: #99cc00;\">Solo exhibition<\/span><\/h2>\n<p><strong>2005<\/strong>-The castle of Ljubljana, Peterokotni stolp(quinquangular Tower)<br \/>\n<strong>2008<\/strong>&#8211; Minoriten Galerie, Wolfsberg<br \/>\n<strong>2008<\/strong>-09-The president palace, Ljubljana<br \/>\n<strong>2009<\/strong>\u00a0 -Library Oton \u017dupan\u010di\u010d, Ljubljana<br \/>\n<strong>2010<\/strong> &#8211; Ars Linguae, Ljubljana<br \/>\n-Media nox, Maribor<br \/>\n<strong>2011<\/strong> -Ars loci, Bovec<br \/>\n&#8211; Gallery Sre\u010di\u0161\u010de, Ljubljana<br \/>\n<strong>2013<\/strong> &#8211; Gallery of artist\u2019s society (ZDSLU), Ljubljana<br \/>\n&#8211; Archive of Republic of Slovenia<br \/>\n-Gallery Dru\u017eina, Ljubljana<br \/>\n<strong>2014<\/strong>&#8211; RC So\u010da, Ljubljana<br \/>\n&#8211; Gallery Stane Kregar, Ljubljana<br \/>\n<strong>2015<\/strong>&#8211; Mik Gallery, Ljubljana<\/p>\n<p>-Joseph Gallery, Logatec<\/p>\n<p>&nbsp;<\/p>\n<p><strong>2016<\/strong> &#8211; IJS Gallery, Ljubljana<\/p>\n<p>-Lek Gallery, Ljubljana<\/p>\n<h2><span style=\"color: #99cc00;\">Group exhibition<\/span><\/h2>\n<p><strong>2005<\/strong> &#8211; Lendava castle, exhibition of graduates, generation 1998, Lendava<br \/>\n<strong>2006<\/strong> &#8211; Minorit monastery,\u00a0 41st Ex-tempore Piran<br \/>\n<strong>2007<\/strong> &#8211; KUD France Pre\u0161ern with the sculptor Martina Kr\u017ei\u010d<br \/>\n-Gallery Miklova hi\u0161a, Ribnica( postgraduate students of ALUO)<br \/>\n<strong>2008<\/strong> &#8211; Lendava castle, exhibition of Painters society of Ljubljana ( DLUL)<br \/>\n-Kregar gallery, \u0160kofijska klasi\u010dna gimanzija with painter Alja Piry<br \/>\n<strong>2009<\/strong> -Gallery of Ivan Napotnik, Velenje<br \/>\n-Gallery ZDSLU, garden,(ceramics) Ljubljana<br \/>\n<strong>2010<\/strong> &#8211; Krka gallery<br \/>\n&#8211; X Biennale Giuliana d Arte, Italy<br \/>\n&#8211; Gallery of Ivan Napotnik, Velenje<br \/>\n<strong>2011<\/strong> -Kosova gra\u0161\u010dina, Jesenice<br \/>\n-XIX art collony Poganovo, Serbia<br \/>\n-REART galerie, Sant Stefan, Avstrija<br \/>\n-Gallery Cite internation des Arts, Paris<br \/>\n<strong>2012<\/strong>&#8211; XIX bienale of\u00a0 ilustrations, Cankarjev dom, Ljubljana<br \/>\n-XII bienale Gulliana d arte, Trst<br \/>\n<strong>2014<\/strong>-XV. Zimski salon, Skopje, Body that remembers<br \/>\n-Majski salon, Gospodarsko razstavi\u0161\u010de Ljubljana<br \/>\n-Potovanja II, Korotan, Vienna<br \/>\nLokarjeva galerija, Ajdov\u0161\u010dina<br \/>\n&#8211; Slovenija open for art(art\u00a0 collony), Sinji vrh, Slovenia<br \/>\nSe\u017eana, Slovenia<br \/>\nIdrija, Slovenia<br \/>\nRadovljica, Slovenia<br \/>\n<strong>2015<\/strong>&#8211; XIII bienale Gulliana d arte, Trst<br \/>\nGallery Vetrina, Trieste<\/p>\n<p><strong>2017-<\/strong> The bridges of the past for the paths to the future, Town hall, Ljubljana<\/p>\n<p>Likovna kolonija Gimnazije Ledina ob 100.obletnici<\/p>\n<p>&nbsp;<\/p>\n<h2><span style=\"color: #99cc00;\">Books ilustrations:<\/span><\/h2>\n<p>-Bog v metroju, Celjska mohorjeva dru\u017eba, 2001<br \/>\n-O pol\u017eu, ki je zajcu re\u0161il \u017eivljenje, Damodar 2007<br \/>\n-\u010crviva zgodba, Damodar, 2007<br \/>\n-O pol\u017eu ki je kupoval novo hi\u0161ko, Damodar 2009<br \/>\n-Zgodba o gmajnicah, Epistola, 2009<br \/>\n-Eko zmaj\u010dek, Epistola 2010<br \/>\n&#8211; O la\u010dni lisici, Epistola, 2010<\/p>\n<h2><span style=\"color: #99cc00;\">contact<\/span><\/h2>\n<p>Evgenija Jarc<br \/>\nZarnikova 19<br \/>\n1000 Ljubljana<br \/>\nSlovenia<br \/>\ngsm:\u00a0\u00a0\u00a0\u00a0 00 386 31 561 416<br \/>\ne-mail:\u00a0 evgenija.jarc@gmail.com<br \/>\nweb site: www.evgenija.net<\/p>\n","protected":false},"excerpt":{"rendered":"<p>CURRICULUM VITAE\u00a0 Evgenija Jarc born in Ljubljana, 1977 1996 University for textile and Fashion Design in Ljubljana 2004 graduated on Academy of Fine Arts and&hellip; <\/p>\n","protected":false},"author":2,"featured_media":0,"parent":0,"menu_order":0,"comment_status":"open","ping_status":"open","template":"","meta":{"footnotes":""},"class_list":["post-20","page","type-page","status-publish","hentry"],"_links":{"self":[{"href":"https:\/\/www.evgenija.net\/en\/wp-json\/wp\/v2\/pages\/20","targetHints":{"allow":["GET"]}}],"collection":[{"href":"https:\/\/www.evgenija.net\/en\/wp-json\/wp\/v2\/pages"}],"about":[{"href":"https:\/\/www.evgenija.net\/en\/wp-json\/wp\/v2\/types\/page"}],"author":[{"embeddable":true,"href":"https:\/\/www.evgenija.net\/en\/wp-json\/wp\/v2\/users\/2"}],"replies":[{"embeddable":true,"href":"https:\/\/www.evgenija.net\/en\/wp-json\/wp\/v2\/comments?post=20"}],"version-history":[{"count":9,"href":"https:\/\/www.evgenija.net\/en\/wp-json\/wp\/v2\/pages\/20\/revisions"}],"predecessor-version":[{"id":1114,"href":"https:\/\/www.evgenija.net\/en\/wp-json\/wp\/v2\/pages\/20\/revisions\/1114"}],"wp:attachment":[{"href":"https:\/\/www.evgenija.net\/en\/wp-json\/wp\/v2\/media?parent=20"}],"curies":[{"name":"wp","href":"https:\/\/api.w.org\/{rel}","templated":true}]}}